{"id":2514,"date":"2021-04-20T08:44:53","date_gmt":"2021-04-20T06:44:53","guid":{"rendered":"http:\/\/www.vendee-en-vacances.com\/location-residence-saint-hilaire-de-riez\/"},"modified":"2022-01-24T15:25:04","modified_gmt":"2022-01-24T14:25:04","slug":"vermietung-residence-saint-hilaire-de-riez","status":"publish","type":"page","link":"https:\/\/www.vendee-en-vacances.com\/de\/vermietung-residence-saint-hilaire-de-riez\/","title":{"rendered":"Wohnheim"},"content":{"rendered":"<section id=\"section-611397342113a\" class=\"section bg-white\" ><div class=\"container extralarge\"><h1 class=\"element section-title center m-b-10\">Mieten Sie ein Wohnheim in Saint-Hilaire-de-Riez<\/h1><ul class=\"liste-de-page hebergements\"><div class=\"row\"><li class=\"element hebergement call-to-action call-to-action--style-2 center m-b-10  anzahl-der-zimmer-1 nombre-de-personnes-4 superficie-30 anzahl-der-badezimmer-4\"><a class=\"hebergement_link\" href=\"https:\/\/www.vendee-en-vacances.com\/de\/hebergements\/appartements-t2-3\/\" id=\"2724\"><div class=\"call-to-action_image\"><div class=\"slider-hebergement\"><div class=\"slide\"><div class=\"slide_image\"><img decoding=\"async\" src=\"https:\/\/www.vendee-en-vacances.com\/wp-content\/uploads\/2021\/08\/T2-ext-N\u00b014-100x72.jpg\" data-src=\"https:\/\/www.vendee-en-vacances.com\/wp-content\/uploads\/2021\/08\/T2-ext-N\u00b014.jpg\" alt=\"cta appartement t2\" class=\"\" \/><\/div><\/div><div class=\"slide\"><div class=\"slide_image\"><img decoding=\"async\" src=\"https:\/\/www.vendee-en-vacances.com\/wp-content\/uploads\/2022\/11\/T2-salle-a-manger-100x75.jpg\" data-src=\"https:\/\/www.vendee-en-vacances.com\/wp-content\/uploads\/2022\/11\/T2-salle-a-manger-scaled.jpg\" alt=\"cta appartement t2\" class=\"\" \/><\/div><\/div><div class=\"slide\"><div class=\"slide_image\"><img decoding=\"async\" src=\"https:\/\/www.vendee-en-vacances.com\/wp-content\/uploads\/2022\/11\/T2-SDB-75x100.jpg\" data-src=\"https:\/\/www.vendee-en-vacances.com\/wp-content\/uploads\/2022\/11\/T2-SDB-scaled.jpg\" alt=\"cta appartement t2\" class=\"\" \/><\/div><\/div><div class=\"slide\"><div class=\"slide_image\"><img decoding=\"async\" src=\"https:\/\/www.vendee-en-vacances.com\/wp-content\/uploads\/2021\/08\/Patio-1-100x72.jpg\" data-src=\"https:\/\/www.vendee-en-vacances.com\/wp-content\/uploads\/2021\/08\/Patio-1.jpg\" alt=\"cta appartement t2\" class=\"\" \/><\/div><\/div><div class=\"slide\"><div class=\"slide_image\"><img decoding=\"async\" src=\"https:\/\/www.vendee-en-vacances.com\/wp-content\/uploads\/2021\/08\/Multiphotos-N\u00b08-100x72.jpg\" data-src=\"https:\/\/www.vendee-en-vacances.com\/wp-content\/uploads\/2021\/08\/Multiphotos-N\u00b08.jpg\" alt=\"cta appartement t2\" class=\"\" \/><\/div><\/div><\/div><\/div><div class=\"call-to-action_titre\">T2<\/div><div class=\"hebergement-attributs\"><span class=\"attribut anzahl-der-zimmer\"><img decoding=\"async\" src=\"https:\/\/www.vendee-en-vacances.com\/wp-content\/uploads\/2025\/11\/bed-2.png\" alt=\"\" class=\"attribut-icon\" \/>1 Zi.<\/span><span class=\"attribut nombre-de-personnes\"><img decoding=\"async\" src=\"https:\/\/www.vendee-en-vacances.com\/wp-content\/uploads\/2025\/11\/people-2.png\" alt=\"\" class=\"attribut-icon\" \/>4 <\/span><span class=\"attribut superficie\"><img decoding=\"async\" src=\"https:\/\/www.vendee-en-vacances.com\/wp-content\/uploads\/2025\/11\/area-2.png\" alt=\"\" class=\"attribut-icon\" \/>30m\u00b2<\/span><span class=\"attribut anzahl-der-badezimmer\"><img decoding=\"async\" src=\"https:\/\/www.vendee-en-vacances.com\/wp-content\/uploads\/2025\/11\/shower-2.png\" alt=\"\" class=\"attribut-icon\" \/>4 Bad.<\/span><\/div><div class=\"call-to-action_contenu\"><div class=\"call-to-action_decouvrir\">Entdecken<\/div><\/div><\/a><\/li><li class=\"element hebergement call-to-action call-to-action--style-2 center m-b-10  anzahl-der-zimmer-2 nombre-de-personnes-6 superficie-53 anzahl-der-badezimmer-1\"><a class=\"hebergement_link\" href=\"https:\/\/www.vendee-en-vacances.com\/de\/hebergements\/appartements-t2-2\/\" id=\"2729\"><div class=\"call-to-action_image\"><div class=\"slider-hebergement\"><div class=\"slide\"><div class=\"slide_image\"><img decoding=\"async\" src=\"https:\/\/www.vendee-en-vacances.com\/wp-content\/uploads\/2021\/08\/T3A-PMR-terrasse-100x75.jpg\" data-src=\"https:\/\/www.vendee-en-vacances.com\/wp-content\/uploads\/2021\/08\/T3A-PMR-terrasse-scaled.jpg\" alt=\"\" class=\"\" \/><\/div><\/div><div class=\"slide\"><div class=\"slide_image\"><img decoding=\"async\" src=\"https:\/\/www.vendee-en-vacances.com\/wp-content\/uploads\/2021\/08\/TA-PMR-sejour-100x67.jpg\" data-src=\"https:\/\/www.vendee-en-vacances.com\/wp-content\/uploads\/2021\/08\/TA-PMR-sejour-scaled.jpg\" alt=\"\" class=\"\" \/><\/div><\/div><div class=\"slide\"><div class=\"slide_image\"><img decoding=\"async\" src=\"https:\/\/www.vendee-en-vacances.com\/wp-content\/uploads\/2021\/08\/T3A-PMR-SDE-100x75.jpg\" data-src=\"https:\/\/www.vendee-en-vacances.com\/wp-content\/uploads\/2021\/08\/T3A-PMR-SDE-scaled.jpg\" alt=\"\" class=\"\" \/><\/div><\/div><div class=\"slide\"><div class=\"slide_image\"><img decoding=\"async\" src=\"https:\/\/www.vendee-en-vacances.com\/wp-content\/uploads\/2021\/08\/T3-A-2-100x72.jpg\" data-src=\"https:\/\/www.vendee-en-vacances.com\/wp-content\/uploads\/2021\/08\/T3-A-2.jpg\" alt=\"\" class=\"\" \/><\/div><\/div><\/div><\/div><div class=\"call-to-action_titre\">T3 A<\/div><div class=\"hebergement-attributs\"><span class=\"attribut anzahl-der-zimmer\"><img decoding=\"async\" src=\"https:\/\/www.vendee-en-vacances.com\/wp-content\/uploads\/2025\/11\/bed-2.png\" alt=\"\" class=\"attribut-icon\" \/>2 Zi.<\/span><span class=\"attribut nombre-de-personnes\"><img decoding=\"async\" src=\"https:\/\/www.vendee-en-vacances.com\/wp-content\/uploads\/2025\/11\/people-2.png\" alt=\"\" class=\"attribut-icon\" \/>6 <\/span><span class=\"attribut superficie\"><img decoding=\"async\" src=\"https:\/\/www.vendee-en-vacances.com\/wp-content\/uploads\/2025\/11\/area-2.png\" alt=\"\" class=\"attribut-icon\" \/>53m\u00b2<\/span><span class=\"attribut anzahl-der-badezimmer\"><img decoding=\"async\" src=\"https:\/\/www.vendee-en-vacances.com\/wp-content\/uploads\/2025\/11\/shower-2.png\" alt=\"\" class=\"attribut-icon\" \/>1 Bad.<\/span><\/div><div class=\"call-to-action_contenu\"><div class=\"call-to-action_decouvrir\">Entdecken<\/div><\/div><\/a><\/li><li class=\"element hebergement call-to-action call-to-action--style-2 center m-b-10  anzahl-der-zimmer-2 nombre-de-personnes-5 superficie-46 anzahl-der-badezimmer-1\"><a class=\"hebergement_link\" href=\"https:\/\/www.vendee-en-vacances.com\/de\/hebergements\/appartements-t2\/\" id=\"2731\"><div class=\"call-to-action_image\"><div class=\"slider-hebergement\"><div class=\"slide\"><div class=\"slide_image\"><img decoding=\"async\" src=\"https:\/\/www.vendee-en-vacances.com\/wp-content\/uploads\/2021\/08\/T3B-n23-terrasse-100x75.jpg\" data-src=\"https:\/\/www.vendee-en-vacances.com\/wp-content\/uploads\/2021\/08\/T3B-n23-terrasse-scaled.jpg\" alt=\"T3 B ext N23 2\" class=\"\" \/><\/div><\/div><div class=\"slide\"><div class=\"slide_image\"><img decoding=\"async\" src=\"https:\/\/www.vendee-en-vacances.com\/wp-content\/uploads\/2021\/08\/T3B-n23-sejourcanape-100x75.jpg\" data-src=\"https:\/\/www.vendee-en-vacances.com\/wp-content\/uploads\/2021\/08\/T3B-n23-sejourcanape-scaled.jpg\" alt=\"T3 B ext N23 2\" class=\"\" \/><\/div><\/div><div class=\"slide\"><div class=\"slide_image\"><img decoding=\"async\" src=\"https:\/\/www.vendee-en-vacances.com\/wp-content\/uploads\/2021\/08\/T3B-ch-2-100x100.jpg\" data-src=\"https:\/\/www.vendee-en-vacances.com\/wp-content\/uploads\/2021\/08\/T3B-ch-2-scaled.jpg\" alt=\"T3 B ext N23 2\" class=\"\" \/><\/div><\/div><div class=\"slide\"><div class=\"slide_image\"><img decoding=\"async\" src=\"https:\/\/www.vendee-en-vacances.com\/wp-content\/uploads\/2021\/08\/T3-B-N\u00b023-3-100x72.jpg\" data-src=\"https:\/\/www.vendee-en-vacances.com\/wp-content\/uploads\/2021\/08\/T3-B-N\u00b023-3.jpg\" alt=\"T3 B ext N23 2\" class=\"\" \/><\/div><\/div><\/div><\/div><div class=\"call-to-action_titre\">T3 B<\/div><div class=\"hebergement-attributs\"><span class=\"attribut anzahl-der-zimmer\"><img decoding=\"async\" src=\"https:\/\/www.vendee-en-vacances.com\/wp-content\/uploads\/2025\/11\/bed-2.png\" alt=\"\" class=\"attribut-icon\" \/>2 Zi.<\/span><span class=\"attribut nombre-de-personnes\"><img decoding=\"async\" src=\"https:\/\/www.vendee-en-vacances.com\/wp-content\/uploads\/2025\/11\/people-2.png\" alt=\"\" class=\"attribut-icon\" \/>5 <\/span><span class=\"attribut superficie\"><img decoding=\"async\" src=\"https:\/\/www.vendee-en-vacances.com\/wp-content\/uploads\/2025\/11\/area-2.png\" alt=\"\" class=\"attribut-icon\" \/>46m\u00b2<\/span><span class=\"attribut anzahl-der-badezimmer\"><img decoding=\"async\" src=\"https:\/\/www.vendee-en-vacances.com\/wp-content\/uploads\/2025\/11\/shower-2.png\" alt=\"\" class=\"attribut-icon\" \/>1 Bad.<\/span><\/div><div class=\"call-to-action_contenu\"><div class=\"call-to-action_decouvrir\">Entdecken<\/div><\/div><\/a><\/li><li class=\"element hebergement call-to-action call-to-action--style-2 center m-b-10  anzahl-der-zimmer-2 nombre-de-personnes-4 superficie-40 anzahl-der-badezimmer-1\"><a class=\"hebergement_link\" href=\"https:\/\/www.vendee-en-vacances.com\/de\/hebergements\/t3-c\/\" id=\"2736\"><div class=\"call-to-action_image\"><div class=\"slider-hebergement\"><div class=\"slide\"><div class=\"slide_image\"><img decoding=\"async\" src=\"https:\/\/www.vendee-en-vacances.com\/wp-content\/uploads\/2021\/10\/T3-C-3-100x72.jpg\" data-src=\"https:\/\/www.vendee-en-vacances.com\/wp-content\/uploads\/2021\/10\/T3-C-3.jpg\" alt=\"T3 C 3\" class=\"\" \/><\/div><\/div><div class=\"slide\"><div class=\"slide_image\"><img decoding=\"async\" src=\"https:\/\/www.vendee-en-vacances.com\/wp-content\/uploads\/2022\/11\/T3C-Salle-a-manger-100x67.jpg\" data-src=\"https:\/\/www.vendee-en-vacances.com\/wp-content\/uploads\/2022\/11\/T3C-Salle-a-manger.jpg\" alt=\"T3 C 3\" class=\"\" \/><\/div><\/div><div class=\"slide\"><div class=\"slide_image\"><img decoding=\"async\" src=\"https:\/\/www.vendee-en-vacances.com\/wp-content\/uploads\/2022\/11\/T5-ch-1-lit-superpose-75x100.jpg\" data-src=\"https:\/\/www.vendee-en-vacances.com\/wp-content\/uploads\/2022\/11\/T5-ch-1-lit-superpose-scaled.jpg\" alt=\"T3 C 3\" class=\"\" \/><\/div><\/div><div class=\"slide\"><div class=\"slide_image\"><img decoding=\"async\" src=\"https:\/\/www.vendee-en-vacances.com\/wp-content\/uploads\/2021\/10\/34-ch-2-pers-100x72.jpg\" data-src=\"https:\/\/www.vendee-en-vacances.com\/wp-content\/uploads\/2021\/10\/34-ch-2-pers.jpg\" alt=\"T3 C 3\" class=\"\" \/><\/div><\/div><div class=\"slide\"><div class=\"slide_image\"><img decoding=\"async\" src=\"https:\/\/www.vendee-en-vacances.com\/wp-content\/uploads\/2022\/11\/T3C-SDB-100x100.jpg\" data-src=\"https:\/\/www.vendee-en-vacances.com\/wp-content\/uploads\/2022\/11\/T3C-SDB-scaled.jpg\" alt=\"T3 C 3\" class=\"\" \/><\/div><\/div><div class=\"slide\"><div class=\"slide_image\"><img decoding=\"async\" src=\"\" data-src=\"\" alt=\"T3 C 3\" class=\"\" \/><\/div><\/div><\/div><\/div><div class=\"call-to-action_titre\">T3 C<\/div><div class=\"hebergement-attributs\"><span class=\"attribut anzahl-der-zimmer\"><img decoding=\"async\" src=\"https:\/\/www.vendee-en-vacances.com\/wp-content\/uploads\/2025\/11\/bed-2.png\" alt=\"\" class=\"attribut-icon\" \/>2 Zi.<\/span><span class=\"attribut nombre-de-personnes\"><img decoding=\"async\" src=\"https:\/\/www.vendee-en-vacances.com\/wp-content\/uploads\/2025\/11\/people-2.png\" alt=\"\" class=\"attribut-icon\" \/>4 <\/span><span class=\"attribut superficie\"><img decoding=\"async\" src=\"https:\/\/www.vendee-en-vacances.com\/wp-content\/uploads\/2025\/11\/area-2.png\" alt=\"\" class=\"attribut-icon\" \/>40m\u00b2<\/span><span class=\"attribut anzahl-der-badezimmer\"><img decoding=\"async\" src=\"https:\/\/www.vendee-en-vacances.com\/wp-content\/uploads\/2025\/11\/shower-2.png\" alt=\"\" class=\"attribut-icon\" \/>1 Bad.<\/span><\/div><div class=\"call-to-action_contenu\"><div class=\"call-to-action_decouvrir\">Entdecken<\/div><\/div><\/a><\/li><li class=\"element hebergement call-to-action call-to-action--style-2 center m-b-10  anzahl-der-zimmer-2 nombre-de-personnes-4 superficie-45 anzahl-der-badezimmer-1\"><a class=\"hebergement_link\" href=\"https:\/\/www.vendee-en-vacances.com\/de\/hebergements\/t3-d\/\" id=\"2738\"><div class=\"call-to-action_image\"><div class=\"slider-hebergement\"><div class=\"slide\"><div class=\"slide_image\"><img decoding=\"async\" src=\"https:\/\/www.vendee-en-vacances.com\/wp-content\/uploads\/2021\/10\/T3-D-ext-N\u00b01-3-100x72.jpg\" data-src=\"https:\/\/www.vendee-en-vacances.com\/wp-content\/uploads\/2021\/10\/T3-D-ext-N\u00b01-3.jpg\" alt=\"T3 D ext N 1 3\" class=\"\" \/><\/div><\/div><div class=\"slide\"><div class=\"slide_image\"><img decoding=\"async\" src=\"https:\/\/www.vendee-en-vacances.com\/wp-content\/uploads\/2021\/10\/SAM_0206-100x72.jpg\" data-src=\"https:\/\/www.vendee-en-vacances.com\/wp-content\/uploads\/2021\/10\/SAM_0206.jpg\" alt=\"T3 D ext N 1 3\" class=\"\" \/><\/div><\/div><div class=\"slide\"><div class=\"slide_image\"><img decoding=\"async\" src=\"https:\/\/www.vendee-en-vacances.com\/wp-content\/uploads\/2021\/10\/SAM_0982-100x72.jpg\" data-src=\"https:\/\/www.vendee-en-vacances.com\/wp-content\/uploads\/2021\/10\/SAM_0982.jpg\" alt=\"T3 D ext N 1 3\" class=\"\" \/><\/div><\/div><div class=\"slide\"><div class=\"slide_image\"><img decoding=\"async\" src=\"https:\/\/www.vendee-en-vacances.com\/wp-content\/uploads\/2021\/10\/T3-D-N\u00b01-1-100x72.jpg\" data-src=\"https:\/\/www.vendee-en-vacances.com\/wp-content\/uploads\/2021\/10\/T3-D-N\u00b01-1.jpg\" alt=\"T3 D ext N 1 3\" class=\"\" \/><\/div><\/div><div class=\"slide\"><div class=\"slide_image\"><img decoding=\"async\" src=\"https:\/\/www.vendee-en-vacances.com\/wp-content\/uploads\/2021\/10\/T3-D-ext-N\u00b01-3-1-100x100.jpg\" data-src=\"https:\/\/www.vendee-en-vacances.com\/wp-content\/uploads\/2021\/10\/T3-D-ext-N\u00b01-3-1.jpg\" alt=\"T3 D ext N 1 3\" class=\"\" \/><\/div><\/div><\/div><\/div><div class=\"call-to-action_titre\">T3 D<\/div><div class=\"hebergement-attributs\"><span class=\"attribut anzahl-der-zimmer\"><img decoding=\"async\" src=\"https:\/\/www.vendee-en-vacances.com\/wp-content\/uploads\/2025\/11\/bed-2.png\" alt=\"\" class=\"attribut-icon\" \/>2 Zi.<\/span><span class=\"attribut nombre-de-personnes\"><img decoding=\"async\" src=\"https:\/\/www.vendee-en-vacances.com\/wp-content\/uploads\/2025\/11\/people-2.png\" alt=\"\" class=\"attribut-icon\" \/>4 <\/span><span class=\"attribut superficie\"><img decoding=\"async\" src=\"https:\/\/www.vendee-en-vacances.com\/wp-content\/uploads\/2025\/11\/area-2.png\" alt=\"\" class=\"attribut-icon\" \/>45m\u00b2<\/span><span class=\"attribut anzahl-der-badezimmer\"><img decoding=\"async\" src=\"https:\/\/www.vendee-en-vacances.com\/wp-content\/uploads\/2025\/11\/shower-2.png\" alt=\"\" class=\"attribut-icon\" \/>1 Bad.<\/span><\/div><div class=\"call-to-action_contenu\"><div class=\"call-to-action_decouvrir\">Entdecken<\/div><\/div><\/a><\/li><li class=\"element hebergement call-to-action call-to-action--style-2 center m-b-10  anzahl-der-zimmer-2 nombre-de-personnes-7 superficie-50 anzahl-der-badezimmer-1\"><a class=\"hebergement_link\" href=\"https:\/\/www.vendee-en-vacances.com\/de\/hebergements\/t3-l\/\" id=\"2740\"><div class=\"call-to-action_image\"><div class=\"slider-hebergement\"><div class=\"slide\"><div class=\"slide_image\"><img decoding=\"async\" src=\"https:\/\/www.vendee-en-vacances.com\/wp-content\/uploads\/2022\/11\/T3L-salon-100x75.jpg\" data-src=\"https:\/\/www.vendee-en-vacances.com\/wp-content\/uploads\/2022\/11\/T3L-salon-scaled.jpg\" alt=\"T3-L-ext-N\u00b042-3\" class=\"\" \/><\/div><\/div><div class=\"slide\"><div class=\"slide_image\"><img decoding=\"async\" src=\"https:\/\/www.vendee-en-vacances.com\/wp-content\/uploads\/2022\/11\/T3L-cuisine-100x75.jpg\" data-src=\"https:\/\/www.vendee-en-vacances.com\/wp-content\/uploads\/2022\/11\/T3L-cuisine-scaled.jpg\" alt=\"T3-L-ext-N\u00b042-3\" class=\"\" \/><\/div><\/div><div class=\"slide\"><div class=\"slide_image\"><img decoding=\"async\" src=\"https:\/\/www.vendee-en-vacances.com\/wp-content\/uploads\/2022\/11\/T3L-ch-1-vue-fenetre-100x75.jpg\" data-src=\"https:\/\/www.vendee-en-vacances.com\/wp-content\/uploads\/2022\/11\/T3L-ch-1-vue-fenetre-scaled.jpg\" alt=\"T3-L-ext-N\u00b042-3\" class=\"\" \/><\/div><\/div><div class=\"slide\"><div class=\"slide_image\"><img decoding=\"async\" src=\"https:\/\/www.vendee-en-vacances.com\/wp-content\/uploads\/2022\/11\/T3L-ch-2-100x75.jpg\" data-src=\"https:\/\/www.vendee-en-vacances.com\/wp-content\/uploads\/2022\/11\/T3L-ch-2-scaled.jpg\" alt=\"T3-L-ext-N\u00b042-3\" class=\"\" \/><\/div><\/div><div class=\"slide\"><div class=\"slide_image\"><img decoding=\"async\" src=\"https:\/\/www.vendee-en-vacances.com\/wp-content\/uploads\/2022\/11\/T3L-SDB-75x100.jpg\" data-src=\"https:\/\/www.vendee-en-vacances.com\/wp-content\/uploads\/2022\/11\/T3L-SDB-scaled.jpg\" alt=\"T3-L-ext-N\u00b042-3\" class=\"\" \/><\/div><\/div><div class=\"slide\"><div class=\"slide_image\"><img decoding=\"async\" src=\"https:\/\/www.vendee-en-vacances.com\/wp-content\/uploads\/2022\/11\/T3L-n\u00b012-salon-100x75.jpg\" data-src=\"https:\/\/www.vendee-en-vacances.com\/wp-content\/uploads\/2022\/11\/T3L-n\u00b012-salon-scaled.jpg\" alt=\"T3-L-ext-N\u00b042-3\" class=\"\" \/><\/div><\/div><div class=\"slide\"><div class=\"slide_image\"><img decoding=\"async\" src=\"https:\/\/www.vendee-en-vacances.com\/wp-content\/uploads\/2022\/11\/T3L-n\u00b012-ch-2-100x75.jpg\" data-src=\"https:\/\/www.vendee-en-vacances.com\/wp-content\/uploads\/2022\/11\/T3L-n\u00b012-ch-2-scaled.jpg\" alt=\"T3-L-ext-N\u00b042-3\" class=\"\" \/><\/div><\/div><\/div><\/div><div class=\"call-to-action_titre\">T3 L<\/div><div class=\"hebergement-attributs\"><span class=\"attribut anzahl-der-zimmer\"><img decoding=\"async\" src=\"https:\/\/www.vendee-en-vacances.com\/wp-content\/uploads\/2025\/11\/bed-2.png\" alt=\"\" class=\"attribut-icon\" \/>2 Zi.<\/span><span class=\"attribut nombre-de-personnes\"><img decoding=\"async\" src=\"https:\/\/www.vendee-en-vacances.com\/wp-content\/uploads\/2025\/11\/people-2.png\" alt=\"\" class=\"attribut-icon\" \/>7 <\/span><span class=\"attribut superficie\"><img decoding=\"async\" src=\"https:\/\/www.vendee-en-vacances.com\/wp-content\/uploads\/2025\/11\/area-2.png\" alt=\"\" class=\"attribut-icon\" \/>50m\u00b2<\/span><span class=\"attribut anzahl-der-badezimmer\"><img decoding=\"async\" src=\"https:\/\/www.vendee-en-vacances.com\/wp-content\/uploads\/2025\/11\/shower-2.png\" alt=\"\" class=\"attribut-icon\" \/>1 Bad.<\/span><\/div><div class=\"call-to-action_contenu\"><div class=\"call-to-action_decouvrir\">Entdecken<\/div><\/div><\/a><\/li><li class=\"element hebergement call-to-action call-to-action--style-2 center m-b-10  anzahl-der-zimmer-3 nombre-de-personnes-9 superficie-70 anzahl-der-badezimmer-1\"><a class=\"hebergement_link\" href=\"https:\/\/www.vendee-en-vacances.com\/de\/hebergements\/t4\/\" id=\"2742\"><div class=\"call-to-action_image\"><div class=\"slider-hebergement\"><div class=\"slide\"><div class=\"slide_image\"><img decoding=\"async\" src=\"https:\/\/www.vendee-en-vacances.com\/wp-content\/uploads\/2022\/11\/T4-repas-salon-100x75.jpg\" data-src=\"https:\/\/www.vendee-en-vacances.com\/wp-content\/uploads\/2022\/11\/T4-repas-salon-scaled.jpg\" alt=\"T4-Ext\" class=\"\" \/><\/div><\/div><div class=\"slide\"><div class=\"slide_image\"><img decoding=\"async\" src=\"https:\/\/www.vendee-en-vacances.com\/wp-content\/uploads\/2022\/11\/T4-salon-mezzanine-100x100.jpg\" data-src=\"https:\/\/www.vendee-en-vacances.com\/wp-content\/uploads\/2022\/11\/T4-salon-mezzanine-scaled.jpg\" alt=\"T4-Ext\" class=\"\" \/><\/div><\/div><div class=\"slide\"><div class=\"slide_image\"><img decoding=\"async\" src=\"https:\/\/www.vendee-en-vacances.com\/wp-content\/uploads\/2022\/11\/T4-chambre-pierre-100x75.jpg\" data-src=\"https:\/\/www.vendee-en-vacances.com\/wp-content\/uploads\/2022\/11\/T4-chambre-pierre-scaled.jpg\" alt=\"T4-Ext\" class=\"\" \/><\/div><\/div><div class=\"slide\"><div class=\"slide_image\"><img decoding=\"async\" src=\"https:\/\/www.vendee-en-vacances.com\/wp-content\/uploads\/2021\/10\/SAM_1039-100x72.jpg\" data-src=\"https:\/\/www.vendee-en-vacances.com\/wp-content\/uploads\/2021\/10\/SAM_1039.jpg\" alt=\"T4-Ext\" class=\"\" \/><\/div><\/div><div class=\"slide\"><div class=\"slide_image\"><img decoding=\"async\" src=\"https:\/\/www.vendee-en-vacances.com\/wp-content\/uploads\/2022\/11\/T4-gd-lit-mezzanine-100x75.jpg\" data-src=\"https:\/\/www.vendee-en-vacances.com\/wp-content\/uploads\/2022\/11\/T4-gd-lit-mezzanine-scaled.jpg\" alt=\"T4-Ext\" class=\"\" \/><\/div><\/div><div class=\"slide\"><div class=\"slide_image\"><img decoding=\"async\" src=\"https:\/\/www.vendee-en-vacances.com\/wp-content\/uploads\/2022\/11\/T4-petit-lit-mezzanine-100x75.jpg\" data-src=\"https:\/\/www.vendee-en-vacances.com\/wp-content\/uploads\/2022\/11\/T4-petit-lit-mezzanine-scaled.jpg\" alt=\"T4-Ext\" class=\"\" \/><\/div><\/div><div class=\"slide\"><div class=\"slide_image\"><img decoding=\"async\" src=\"https:\/\/www.vendee-en-vacances.com\/wp-content\/uploads\/2021\/10\/T4-Ext-1-100x100.jpg\" data-src=\"https:\/\/www.vendee-en-vacances.com\/wp-content\/uploads\/2021\/10\/T4-Ext-1.jpg\" alt=\"T4-Ext\" class=\"\" \/><\/div><\/div><\/div><\/div><div class=\"call-to-action_titre\">T4<\/div><div class=\"hebergement-attributs\"><span class=\"attribut anzahl-der-zimmer\"><img decoding=\"async\" src=\"https:\/\/www.vendee-en-vacances.com\/wp-content\/uploads\/2025\/11\/bed-2.png\" alt=\"\" class=\"attribut-icon\" \/>3 Zi.<\/span><span class=\"attribut nombre-de-personnes\"><img decoding=\"async\" src=\"https:\/\/www.vendee-en-vacances.com\/wp-content\/uploads\/2025\/11\/people-2.png\" alt=\"\" class=\"attribut-icon\" \/>9 <\/span><span class=\"attribut superficie\"><img decoding=\"async\" src=\"https:\/\/www.vendee-en-vacances.com\/wp-content\/uploads\/2025\/11\/area-2.png\" alt=\"\" class=\"attribut-icon\" \/>70m\u00b2<\/span><span class=\"attribut anzahl-der-badezimmer\"><img decoding=\"async\" src=\"https:\/\/www.vendee-en-vacances.com\/wp-content\/uploads\/2025\/11\/shower-2.png\" alt=\"\" class=\"attribut-icon\" \/>1 Bad.<\/span><\/div><div class=\"call-to-action_contenu\"><div class=\"call-to-action_decouvrir\">Entdecken<\/div><\/div><\/a><\/li><li class=\"element hebergement call-to-action call-to-action--style-2 center m-b-10  anzahl-der-zimmer-4 nombre-de-personnes-10 superficie-85 anzahl-der-badezimmer-2 ab-95\"><a class=\"hebergement_link\" href=\"https:\/\/www.vendee-en-vacances.com\/de\/hebergements\/t5\/\" id=\"2744\"><div class=\"call-to-action_image\"><div class=\"slider-hebergement\"><div class=\"slide\"><div class=\"slide_image\"><img decoding=\"async\" src=\"https:\/\/www.vendee-en-vacances.com\/wp-content\/uploads\/2021\/10\/Gammes-Residences-100x72.jpg\" data-src=\"https:\/\/www.vendee-en-vacances.com\/wp-content\/uploads\/2021\/10\/Gammes-Residences.jpg\" alt=\"Gammes-R\u00e9sidences\" class=\"\" \/><\/div><\/div><div class=\"slide\"><div class=\"slide_image\"><img decoding=\"async\" src=\"https:\/\/www.vendee-en-vacances.com\/wp-content\/uploads\/2022\/11\/T5-Salle-a-manger-100x75.jpg\" data-src=\"https:\/\/www.vendee-en-vacances.com\/wp-content\/uploads\/2022\/11\/T5-Salle-a-manger-scaled.jpg\" alt=\"Gammes-R\u00e9sidences\" class=\"\" \/><\/div><\/div><div class=\"slide\"><div class=\"slide_image\"><img decoding=\"async\" src=\"https:\/\/www.vendee-en-vacances.com\/wp-content\/uploads\/2022\/11\/T5-ch-gd-lit-velux-100x75.jpg\" data-src=\"https:\/\/www.vendee-en-vacances.com\/wp-content\/uploads\/2022\/11\/T5-ch-gd-lit-velux-scaled.jpg\" alt=\"Gammes-R\u00e9sidences\" class=\"\" \/><\/div><\/div><div class=\"slide\"><div class=\"slide_image\"><img decoding=\"async\" src=\"https:\/\/www.vendee-en-vacances.com\/wp-content\/uploads\/2022\/11\/T5-ch-gd-lit-75x100.jpg\" data-src=\"https:\/\/www.vendee-en-vacances.com\/wp-content\/uploads\/2022\/11\/T5-ch-gd-lit-scaled.jpg\" alt=\"Gammes-R\u00e9sidences\" class=\"\" \/><\/div><\/div><div class=\"slide\"><div class=\"slide_image\"><img decoding=\"async\" src=\"https:\/\/www.vendee-en-vacances.com\/wp-content\/uploads\/2022\/11\/T5-Chambre-2-lits-superposes-100x75.jpg\" data-src=\"https:\/\/www.vendee-en-vacances.com\/wp-content\/uploads\/2022\/11\/T5-Chambre-2-lits-superposes-scaled.jpg\" alt=\"Gammes-R\u00e9sidences\" class=\"\" \/><\/div><\/div><div class=\"slide\"><div class=\"slide_image\"><img decoding=\"async\" src=\"https:\/\/www.vendee-en-vacances.com\/wp-content\/uploads\/2022\/11\/T5-ch-1-lit-superpose-75x100.jpg\" data-src=\"https:\/\/www.vendee-en-vacances.com\/wp-content\/uploads\/2022\/11\/T5-ch-1-lit-superpose-scaled.jpg\" alt=\"Gammes-R\u00e9sidences\" class=\"\" \/><\/div><\/div><div class=\"slide\"><div class=\"slide_image\"><img decoding=\"async\" src=\"https:\/\/www.vendee-en-vacances.com\/wp-content\/uploads\/2022\/11\/T5-SDB-75x100.jpg\" data-src=\"https:\/\/www.vendee-en-vacances.com\/wp-content\/uploads\/2022\/11\/T5-SDB-scaled.jpg\" alt=\"Gammes-R\u00e9sidences\" class=\"\" \/><\/div><\/div><\/div><\/div><div class=\"call-to-action_titre\">T5<\/div><div class=\"call-to-action_prix\">Ab 95\u20ac pro Nacht<\/div><div class=\"hebergement-attributs\"><span class=\"attribut anzahl-der-zimmer\"><img decoding=\"async\" src=\"https:\/\/www.vendee-en-vacances.com\/wp-content\/uploads\/2025\/11\/bed-2.png\" alt=\"\" class=\"attribut-icon\" \/>4 Zi.<\/span><span class=\"attribut nombre-de-personnes\"><img decoding=\"async\" src=\"https:\/\/www.vendee-en-vacances.com\/wp-content\/uploads\/2025\/11\/people-2.png\" alt=\"\" class=\"attribut-icon\" \/>10 <\/span><span class=\"attribut superficie\"><img decoding=\"async\" src=\"https:\/\/www.vendee-en-vacances.com\/wp-content\/uploads\/2025\/11\/area-2.png\" alt=\"\" class=\"attribut-icon\" \/>85m\u00b2<\/span><span class=\"attribut anzahl-der-badezimmer\"><img decoding=\"async\" src=\"https:\/\/www.vendee-en-vacances.com\/wp-content\/uploads\/2025\/11\/shower-2.png\" alt=\"\" class=\"attribut-icon\" \/>2 Bad.<\/span><\/div><div class=\"call-to-action_contenu\"><div class=\"call-to-action_decouvrir\">Entdecken<\/div><\/div><\/a><\/li><\/div><\/ul><\/div><\/section>\n\n<section id=\"section-610103b3e8c7e\" data-bg-opacite=\"0.4\"data-background=\"https:\/\/www.vendee-en-vacances.com\/wp-content\/uploads\/2021\/12\/camping-vendee-location-terrasse.jpg\"data-speed=\"1.5\"class=\"section home-seventh bg-color2 section--has-bg-img section_bg-parallax\" ><div class=\"container large\"><h2 class=\"element section-title center white\">Unsere Residenzen zur Miete in Saint-Hilaire-de-Riez<\/h2><div class=\"element bloc-text center white\">\r\n\t<p>Das <a href=\"\/de\/\">Feriendorf **** Le Hameau de l&#8217;Oc\u00e9an<\/a> wurde in einem 2 Hektar gro\u00dfen Pinienwald mit B\u00e4umen und Blumen errichtet.<\/p>\n<p>Der Landschaftspark besteht aus <strong class=\"white\">42 ebenerdigen Wohnh\u00e4usern<\/strong>, die 2 bis 10 Personen zu einem optimalen Preis-Leistungs-Verh\u00e4ltnis beherbergen k\u00f6nnen.<\/p>\n<p>Alle diese Ferienunterk\u00fcnfte sind auf <strong class=\"white\">10 Geb\u00e4ude verteilt, die im Pinienwald verstreut liegen<\/strong>. Die Residenzen verf\u00fcgen \u00fcber eine <strong class=\"white\">eigene Terrasse<\/strong> mit <strong class=\"white\">Gartenm\u00f6beln und Sonnenschirm<\/strong> sowie <strong class=\"white\">entspannenden St\u00fchlen<\/strong>.<\/p>\n<p>Jeder Unterkunft wird ein <strong class=\"white\">kostenloser Parkplatz zugewiesen<\/strong> (zwei Stellpl\u00e4tze f\u00fcr die Residenzen 9 und 10 Personen). F\u00fcr die Sicherheit aller, hier keine Autos im Dorf, Sie befinden sich mitten in der Natur und Ihre Kinder k\u00f6nnen sich in aller Freiheit vergn\u00fcgen.<\/p>\n<\/div><\/div><\/section>\n\n<section id=\"section-61010ae3f3a8c\" class=\"section  home-fifth bg-white p-b-0\" ><div class=\"container full\"><div class=\"colonnes-wrap valign-middle \"><div class=\"element colonne \"><div class=\"element images scroll-x-mobile\"><div class=\"image\"><img decoding=\"async\" src=\"https:\/\/www.vendee-en-vacances.com\/wp-content\/uploads\/2022\/01\/location-residence-vendee-100x67.jpg\" data-src=\"https:\/\/www.vendee-en-vacances.com\/wp-content\/uploads\/2022\/01\/location-residence-vendee.jpg\" alt=\"camping location vendee\" class=\"images_image\" \/><\/div><\/div><\/div><div class=\"element colonne \"><h2 class=\"element section-title justify\">Unser Angebot an Wohnheimen in der <span>Vendee <\/span><\/h2><div class=\"element bloc-text justify \">\r\n\t<p>Die Natur herrscht im Hameau de l&#8217;Oc\u00e9an und Sie sind ihre privilegierten G\u00e4ste. Sie werden ihre wohltuende Wirkung w\u00e4hrend Ihres Aufenthalts schnell sp\u00fcren!<\/p>\n<p>Unser Feriendorf **** bietet eine <strong>gro\u00dfe Auswahl an Residenzen<\/strong> f\u00fcr jeden Geschmack und jedes Budget. Sie m\u00fcssen sich f\u00fcr eine <strong>Residenz mit Blick auf den Wald oder in der N\u00e4he des Schwimmbads<\/strong> und des Spielplatzes entscheiden.<\/p>\n<p>Sie haben die Wahl zwischen <strong>8 verschiedenen Kategorien von Ferienh\u00e4usern, die zwischen 30 m\u00b2 und 85 m\u00b2<\/strong> gro\u00df sind und 2 bis 10 Personen beherbergen k\u00f6nnen. Sie finden dort ein Wohnzimmer mit Fernseher, eine ausgestattete K\u00fcchenzeile, ein Badezimmer, je nach Kategorie getrennte oder nicht getrennte Toiletten und eine <strong>private, m\u00f6blierte Terrasse<\/strong>, umgeben von Ihren Lieben inmitten eines Pinienwaldes.<\/p>\n<p>Sie tr\u00e4umen von einem Aufenthalt in einer <strong>charmanten, komplett ausgestatteten Residenz<\/strong>, allein oder zu zweit? Lassen Sie sich verf\u00fchren und buchen Sie unsere <strong>R\u00e9sidence Komfort oder Nouveau Design<\/strong>.<\/p>\n<p>Verbringen Sie Ihren Urlaub mit Ihren Kindern? Entscheiden Sie sich f\u00fcr eine unserer <strong>5 Kategorien f\u00fcr 4 bis 7 Personen, die aus 2 Schlafzimmern bestehen<\/strong>, um allen W\u00fcnschen gerecht zu werden und die Erwartungen aller bestm\u00f6glich zu erf\u00fcllen!<\/p>\n<p>Die Familie w\u00e4chst und ein drittes Schlafzimmer wird ben\u00f6tigt? Dann m\u00fcssen Sie sich f\u00fcr eine unserer <strong>2 Residenzen f\u00fcr 9 Personen mit Mezzanin<\/strong> f\u00fcr etwas mehr Komfort entscheiden.<\/p>\n<p>M\u00f6chten Sie sich mit der ganzen Familie, mit Oma und Opa oder mit Freunden treffen? Unsere <strong>2 Residenzen zur Miete f\u00fcr 10 Personen<\/strong> erm\u00f6glichen es Ihnen, sich in derselben Unterkunft mit etwas mehr Komfort und Platz zu versammeln.<\/p>\n<p>Folgen Sie Ihren W\u00fcnschen und w\u00e4hlen Sie Ihre Residenz!<\/p>\n<\/div><\/div><\/div><\/div><\/section>\n\n<section id=\"section-610021336709a\" class=\"section bg-white\" ><div class=\"container extralarge\"><div class=\"element section-title center title-cta\">Swimmingpool und Preise in Vend\u00e9e<\/div><ul class=\"liste-de-page scroll-x-mobile\"><li class=\"element call-to-action center title-cta call-to-action--style-1 call-to-action--normal\"><a href=\"https:\/\/www.vendee-en-vacances.com\/de\/feriendorf-animationen-saint-hilaire-de-riez\/\"  class=\"call-to-action_link\" title=\"Mehr \u00fcber aktivit\u00e4ten und animationen\"><div class=\"call-to-action_image\"><img decoding=\"async\" src=\"https:\/\/www.vendee-en-vacances.com\/wp-content\/uploads\/2021\/12\/camping-vendee-animations-sport-100x67.jpg\" data-src=\"https:\/\/www.vendee-en-vacances.com\/wp-content\/uploads\/2021\/12\/camping-vendee-animations-sport.jpg\" alt=\"camping vendee animations sport\" class=\"normal\" \/><\/div><div class=\"call-to-action_contenu\"><div class=\"call-to-action_titre\">Aktivit\u00e4ten und Animationen<\/div><\/div><\/a><\/li><li class=\"element call-to-action center title-cta call-to-action--style-1 call-to-action--normal call-to-action--style-1 call-to-action--normal\"><a href=\"https:\/\/www.vendee-en-vacances.com\/de\/feriendorf-swimmingpool-saint-hilaire-de-riez\/\"  class=\"call-to-action_link\" title=\"Mehr \u00fcber der swimmingpool\"><div class=\"call-to-action_image\"><img decoding=\"async\" src=\"https:\/\/www.vendee-en-vacances.com\/wp-content\/uploads\/2021\/12\/camping-vendee-piscine-100x67.jpg\" data-src=\"https:\/\/www.vendee-en-vacances.com\/wp-content\/uploads\/2021\/12\/camping-vendee-piscine.jpg\" alt=\"camping vendee piscine\" class=\"normal\" \/><\/div><div class=\"call-to-action_contenu\"><div class=\"call-to-action_titre\">Der Swimmingpool<\/div><\/div><\/a><\/li><li class=\"element call-to-action center title-cta call-to-action--style-1 call-to-action--normal call-to-action--style-1 call-to-action--normal call-to-action--style-1 call-to-action--normal\"><a href=\"https:\/\/www.vendee-en-vacances.com\/de\/gunstiges-feriendorf-saint-hilaire-de-riez\/\"  class=\"call-to-action_link\" title=\"Mehr \u00fcber tarife\"><div class=\"call-to-action_image\"><img decoding=\"async\" src=\"https:\/\/www.vendee-en-vacances.com\/wp-content\/uploads\/2021\/12\/camping-pas-cher-vendee-100x37.jpg\" data-src=\"https:\/\/www.vendee-en-vacances.com\/wp-content\/uploads\/2021\/12\/camping-pas-cher-vendee.jpg\" alt=\"camping pas cher vendee\" class=\"normal\" \/><\/div><div class=\"call-to-action_contenu\"><div class=\"call-to-action_titre\">Tarife<\/div><\/div><\/a><\/li><\/ul><\/div><\/section>","protected":false},"excerpt":{"rendered":"","protected":false},"author":1,"featured_media":2515,"parent":0,"menu_order":0,"comment_status":"closed","ping_status":"closed","template":"","meta":{"_acf_changed":false,"footnotes":""},"class_list":["post-2514","page","type-page","status-publish","has-post-thumbnail","hentry"],"acf":[],"yoast_head":"<!-- This site is optimized with the Yoast SEO plugin v23.4 - https:\/\/yoast.com\/wordpress\/plugins\/seo\/ -->\n<title>Wohnheim in St-Hilaire mieten | Vermietung Residenz Vend\u00e9e<\/title>\n<meta name=\"robots\" content=\"index, follow, max-snippet:-1, max-image-preview:large, max-video-preview:-1\" \/>\n<link rel=\"canonical\" href=\"https:\/\/www.vendee-en-vacances.com\/de\/vermietung-residence-saint-hilaire-de-riez\/\" \/>\n<meta property=\"og:locale\" content=\"de_DE\" \/>\n<meta property=\"og:type\" content=\"article\" \/>\n<meta property=\"og:title\" content=\"Wohnheim in St-Hilaire mieten | Vermietung Residenz Vend\u00e9e\" \/>\n<meta property=\"og:url\" content=\"https:\/\/www.vendee-en-vacances.com\/de\/vermietung-residence-saint-hilaire-de-riez\/\" \/>\n<meta property=\"og:site_name\" content=\"Village vacances Le Hameau de l&#039;Oc\u00e9an\" \/>\n<meta property=\"article:modified_time\" content=\"2022-01-24T14:25:04+00:00\" \/>\n<meta property=\"og:image\" content=\"https:\/\/www.vendee-en-vacances.com\/wp-content\/uploads\/2021\/12\/camping-vendee-location.jpg\" \/>\n\t<meta property=\"og:image:width\" content=\"1900\" \/>\n\t<meta property=\"og:image:height\" content=\"701\" \/>\n\t<meta property=\"og:image:type\" content=\"image\/jpeg\" \/>\n<meta name=\"twitter:card\" content=\"summary_large_image\" \/>\n<script type=\"application\/ld+json\" class=\"yoast-schema-graph\">{\"@context\":\"https:\/\/schema.org\",\"@graph\":[{\"@type\":\"WebPage\",\"@id\":\"https:\/\/www.vendee-en-vacances.com\/de\/vermietung-residence-saint-hilaire-de-riez\/\",\"url\":\"https:\/\/www.vendee-en-vacances.com\/de\/vermietung-residence-saint-hilaire-de-riez\/\",\"name\":\"Wohnheim in St-Hilaire mieten | Vermietung Residenz Vend\u00e9e\",\"isPartOf\":{\"@id\":\"https:\/\/www.vendee-en-vacances.com\/de\/#website\"},\"primaryImageOfPage\":{\"@id\":\"https:\/\/www.vendee-en-vacances.com\/de\/vermietung-residence-saint-hilaire-de-riez\/#primaryimage\"},\"image\":{\"@id\":\"https:\/\/www.vendee-en-vacances.com\/de\/vermietung-residence-saint-hilaire-de-riez\/#primaryimage\"},\"thumbnailUrl\":\"https:\/\/www.vendee-en-vacances.com\/wp-content\/uploads\/2021\/12\/camping-vendee-location.jpg\",\"datePublished\":\"2021-04-20T06:44:53+00:00\",\"dateModified\":\"2022-01-24T14:25:04+00:00\",\"breadcrumb\":{\"@id\":\"https:\/\/www.vendee-en-vacances.com\/de\/vermietung-residence-saint-hilaire-de-riez\/#breadcrumb\"},\"inLanguage\":\"de\",\"potentialAction\":[{\"@type\":\"ReadAction\",\"target\":[\"https:\/\/www.vendee-en-vacances.com\/de\/vermietung-residence-saint-hilaire-de-riez\/\"]}]},{\"@type\":\"ImageObject\",\"inLanguage\":\"de\",\"@id\":\"https:\/\/www.vendee-en-vacances.com\/de\/vermietung-residence-saint-hilaire-de-riez\/#primaryimage\",\"url\":\"https:\/\/www.vendee-en-vacances.com\/wp-content\/uploads\/2021\/12\/camping-vendee-location.jpg\",\"contentUrl\":\"https:\/\/www.vendee-en-vacances.com\/wp-content\/uploads\/2021\/12\/camping-vendee-location.jpg\",\"width\":1900,\"height\":701,\"caption\":\"camping-vendee-location\"},{\"@type\":\"BreadcrumbList\",\"@id\":\"https:\/\/www.vendee-en-vacances.com\/de\/vermietung-residence-saint-hilaire-de-riez\/#breadcrumb\",\"itemListElement\":[{\"@type\":\"ListItem\",\"position\":1,\"name\":\"FERIENDORF Saint Hilaire de Riez\",\"item\":\"https:\/\/www.vendee-en-vacances.com\/de\/\"},{\"@type\":\"ListItem\",\"position\":2,\"name\":\"Vermietung Residenz Vend\u00e9e\"}]},{\"@type\":\"WebSite\",\"@id\":\"https:\/\/www.vendee-en-vacances.com\/de\/#website\",\"url\":\"https:\/\/www.vendee-en-vacances.com\/de\/\",\"name\":\"Village vacances Le Hameau de l&#039;Oc\u00e9an\",\"description\":\"\",\"publisher\":{\"@id\":\"https:\/\/www.vendee-en-vacances.com\/de\/#organization\"},\"potentialAction\":[{\"@type\":\"SearchAction\",\"target\":{\"@type\":\"EntryPoint\",\"urlTemplate\":\"https:\/\/www.vendee-en-vacances.com\/de\/?s={search_term_string}\"},\"query-input\":{\"@type\":\"PropertyValueSpecification\",\"valueRequired\":true,\"valueName\":\"search_term_string\"}}],\"inLanguage\":\"de\"},{\"@type\":\"Organization\",\"@id\":\"https:\/\/www.vendee-en-vacances.com\/de\/#organization\",\"name\":\"Hameau de l'Oc\u00e9an\",\"url\":\"https:\/\/www.vendee-en-vacances.com\/de\/\",\"logo\":{\"@type\":\"ImageObject\",\"inLanguage\":\"de\",\"@id\":\"https:\/\/www.vendee-en-vacances.com\/de\/#\/schema\/logo\/image\/\",\"url\":\"https:\/\/www.vendee-en-vacances.com\/wp-content\/uploads\/2021\/04\/camping-hameau-ocean-logo.png\",\"contentUrl\":\"https:\/\/www.vendee-en-vacances.com\/wp-content\/uploads\/2021\/04\/camping-hameau-ocean-logo.png\",\"width\":250,\"height\":240,\"caption\":\"Hameau de l'Oc\u00e9an\"},\"image\":{\"@id\":\"https:\/\/www.vendee-en-vacances.com\/de\/#\/schema\/logo\/image\/\"}}]}<\/script>\n<!-- \/ Yoast SEO plugin. -->","yoast_head_json":{"title":"Wohnheim in St-Hilaire mieten | Vermietung Residenz Vend\u00e9e","robots":{"index":"index","follow":"follow","max-snippet":"max-snippet:-1","max-image-preview":"max-image-preview:large","max-video-preview":"max-video-preview:-1"},"canonical":"https:\/\/www.vendee-en-vacances.com\/de\/vermietung-residence-saint-hilaire-de-riez\/","og_locale":"de_DE","og_type":"article","og_title":"Wohnheim in St-Hilaire mieten | Vermietung Residenz Vend\u00e9e","og_url":"https:\/\/www.vendee-en-vacances.com\/de\/vermietung-residence-saint-hilaire-de-riez\/","og_site_name":"Village vacances Le Hameau de l&#039;Oc\u00e9an","article_modified_time":"2022-01-24T14:25:04+00:00","og_image":[{"width":1900,"height":701,"url":"https:\/\/www.vendee-en-vacances.com\/wp-content\/uploads\/2021\/12\/camping-vendee-location.jpg","type":"image\/jpeg"}],"twitter_card":"summary_large_image","schema":{"@context":"https:\/\/schema.org","@graph":[{"@type":"WebPage","@id":"https:\/\/www.vendee-en-vacances.com\/de\/vermietung-residence-saint-hilaire-de-riez\/","url":"https:\/\/www.vendee-en-vacances.com\/de\/vermietung-residence-saint-hilaire-de-riez\/","name":"Wohnheim in St-Hilaire mieten | Vermietung Residenz Vend\u00e9e","isPartOf":{"@id":"https:\/\/www.vendee-en-vacances.com\/de\/#website"},"primaryImageOfPage":{"@id":"https:\/\/www.vendee-en-vacances.com\/de\/vermietung-residence-saint-hilaire-de-riez\/#primaryimage"},"image":{"@id":"https:\/\/www.vendee-en-vacances.com\/de\/vermietung-residence-saint-hilaire-de-riez\/#primaryimage"},"thumbnailUrl":"https:\/\/www.vendee-en-vacances.com\/wp-content\/uploads\/2021\/12\/camping-vendee-location.jpg","datePublished":"2021-04-20T06:44:53+00:00","dateModified":"2022-01-24T14:25:04+00:00","breadcrumb":{"@id":"https:\/\/www.vendee-en-vacances.com\/de\/vermietung-residence-saint-hilaire-de-riez\/#breadcrumb"},"inLanguage":"de","potentialAction":[{"@type":"ReadAction","target":["https:\/\/www.vendee-en-vacances.com\/de\/vermietung-residence-saint-hilaire-de-riez\/"]}]},{"@type":"ImageObject","inLanguage":"de","@id":"https:\/\/www.vendee-en-vacances.com\/de\/vermietung-residence-saint-hilaire-de-riez\/#primaryimage","url":"https:\/\/www.vendee-en-vacances.com\/wp-content\/uploads\/2021\/12\/camping-vendee-location.jpg","contentUrl":"https:\/\/www.vendee-en-vacances.com\/wp-content\/uploads\/2021\/12\/camping-vendee-location.jpg","width":1900,"height":701,"caption":"camping-vendee-location"},{"@type":"BreadcrumbList","@id":"https:\/\/www.vendee-en-vacances.com\/de\/vermietung-residence-saint-hilaire-de-riez\/#breadcrumb","itemListElement":[{"@type":"ListItem","position":1,"name":"FERIENDORF Saint Hilaire de Riez","item":"https:\/\/www.vendee-en-vacances.com\/de\/"},{"@type":"ListItem","position":2,"name":"Vermietung Residenz Vend\u00e9e"}]},{"@type":"WebSite","@id":"https:\/\/www.vendee-en-vacances.com\/de\/#website","url":"https:\/\/www.vendee-en-vacances.com\/de\/","name":"Village vacances Le Hameau de l&#039;Oc\u00e9an","description":"","publisher":{"@id":"https:\/\/www.vendee-en-vacances.com\/de\/#organization"},"potentialAction":[{"@type":"SearchAction","target":{"@type":"EntryPoint","urlTemplate":"https:\/\/www.vendee-en-vacances.com\/de\/?s={search_term_string}"},"query-input":{"@type":"PropertyValueSpecification","valueRequired":true,"valueName":"search_term_string"}}],"inLanguage":"de"},{"@type":"Organization","@id":"https:\/\/www.vendee-en-vacances.com\/de\/#organization","name":"Hameau de l'Oc\u00e9an","url":"https:\/\/www.vendee-en-vacances.com\/de\/","logo":{"@type":"ImageObject","inLanguage":"de","@id":"https:\/\/www.vendee-en-vacances.com\/de\/#\/schema\/logo\/image\/","url":"https:\/\/www.vendee-en-vacances.com\/wp-content\/uploads\/2021\/04\/camping-hameau-ocean-logo.png","contentUrl":"https:\/\/www.vendee-en-vacances.com\/wp-content\/uploads\/2021\/04\/camping-hameau-ocean-logo.png","width":250,"height":240,"caption":"Hameau de l'Oc\u00e9an"},"image":{"@id":"https:\/\/www.vendee-en-vacances.com\/de\/#\/schema\/logo\/image\/"}}]}},"_links":{"self":[{"href":"https:\/\/www.vendee-en-vacances.com\/de\/wp-json\/wp\/v2\/pages\/2514"}],"collection":[{"href":"https:\/\/www.vendee-en-vacances.com\/de\/wp-json\/wp\/v2\/pages"}],"about":[{"href":"https:\/\/www.vendee-en-vacances.com\/de\/wp-json\/wp\/v2\/types\/page"}],"author":[{"embeddable":true,"href":"https:\/\/www.vendee-en-vacances.com\/de\/wp-json\/wp\/v2\/users\/1"}],"replies":[{"embeddable":true,"href":"https:\/\/www.vendee-en-vacances.com\/de\/wp-json\/wp\/v2\/comments?post=2514"}],"version-history":[{"count":18,"href":"https:\/\/www.vendee-en-vacances.com\/de\/wp-json\/wp\/v2\/pages\/2514\/revisions"}],"predecessor-version":[{"id":4196,"href":"https:\/\/www.vendee-en-vacances.com\/de\/wp-json\/wp\/v2\/pages\/2514\/revisions\/4196"}],"wp:featuredmedia":[{"embeddable":true,"href":"https:\/\/www.vendee-en-vacances.com\/de\/wp-json\/wp\/v2\/media\/2515"}],"wp:attachment":[{"href":"https:\/\/www.vendee-en-vacances.com\/de\/wp-json\/wp\/v2\/media?parent=2514"}],"curies":[{"name":"wp","href":"https:\/\/api.w.org\/{rel}","templated":true}]}}